{"id":6300,"date":"2026-02-23T12:00:00","date_gmt":"2026-02-23T11:00:00","guid":{"rendered":"https:\/\/netwerkgroup.com\/vacature\/responsable-de-projet-mecanique\/"},"modified":"2026-02-23T12:00:00","modified_gmt":"2026-02-23T11:00:00","slug":"responsable-de-projet-mecanique","status":"publish","type":"vacature","link":"https:\/\/netwerkgroup.com\/fr\/vacature\/responsable-de-projet-mecanique\/","title":{"rendered":"Responsable de projet m\u00e9canique"},"content":{"rendered":"","protected":false},"excerpt":{"rendered":"<p>Notre client dispose de plus de 150&nbsp;grues (ponts roulants et grues portuaires) avec une capacit\u00e9 de levage de 10 \u00e0 470&nbsp;tonnes.<\/p>\n<p>Une grande partie de ces grues datent des premi\u00e8res ann\u00e9es (1968), de sorte que les grues qui ont \u00e9t\u00e9 le plus sollicit\u00e9es doivent actuellement \u00eatre r\u00e9vis\u00e9es, transform\u00e9es ou remplac\u00e9es.<\/p>\n<p>Dans ce cadre, notre client est \u00e0 la recherche d\u2019un responsable de projet grues au sein de la discipline de la m\u00e9canique et de la construction m\u00e9tallique.<\/p>\n<p>En concertation avec les parties concern\u00e9es, vous d\u00e9finissez les exigences de base de la mission. Vous traduisez ces exigences, compl\u00e9t\u00e9es par les normes, directives, \u00ab&nbsp;bonnes pratiques&nbsp;\u00bb des projets pr\u00e9c\u00e9dents, la planification, etc., en un cahier des charges. Ce faisant, vous \u00eates vous-m\u00eame responsable de l\u2019\u00e9laboration des exigences g\u00e9n\u00e9rales ainsi que de l\u2019aspect technique li\u00e9 \u00e0 la m\u00e9canique et \u00e0 la construction m\u00e9tallique. Vous travaillez en \u00e9troite collaboration avec votre coll\u00e8gue en charge de l\u2019aspect technique li\u00e9 \u00e0 l\u2019\u00e9lectricit\u00e9 et au contr\u00f4le.   <\/p>\n<p>Vous discuterez en d\u00e9tail du cahier des charges avec les fournisseurs potentiels, apr\u00e8s quoi vous effectuerez un examen technique des offres re\u00e7ues.<\/p>\n<p>Sur la base des offres re\u00e7ues et des co\u00fbts de projet qui y sont li\u00e9s, vous \u00e9tablirez un budget total du projet.<\/p>\n","protected":false},"featured_media":0,"template":"","meta":{"_acf_changed":false,"footnotes":""},"land":[312],"locatie":[355],"recruiter":[311],"vacature-categorie":[365,366],"class_list":["post-6300","vacature","type-vacature","status-publish","hentry","land-belgique","locatie-gent-zeehaven","recruiter-steven-sebreghts","vacature-categorie-chef-de-chantier","vacature-categorie-mecanique"],"acf":[],"yoast_head":"<!-- This site is optimized with the Yoast SEO Premium plugin v27.3 (Yoast SEO v27.5) - https:\/\/yoast.com\/product\/yoast-seo-premium-wordpress\/ -->\n<title>Responsable de projet m\u00e9canique - Netwerk<\/title>\n<meta name=\"description\" content=\"Ben jij de perfecte Responsable de projet m\u00e9canique om het team van Netwerk te versterken?\" \/>\n<meta name=\"robots\" content=\"index, follow, max-snippet:-1, max-image-preview:large, max-video-preview:-1\" \/>\n<link rel=\"canonical\" href=\"https:\/\/netwerkgroup.com\/fr\/vacature\/responsable-de-projet-mecanique\/\" \/>\n<meta property=\"og:locale\" content=\"fr_FR\" \/>\n<meta property=\"og:type\" content=\"article\" \/>\n<meta property=\"og:title\" content=\"Responsable de projet m\u00e9canique\" \/>\n<meta property=\"og:description\" content=\"Ben jij de perfecte Responsable de projet m\u00e9canique om het team van Netwerk te versterken?\" \/>\n<meta property=\"og:url\" content=\"https:\/\/netwerkgroup.com\/fr\/vacature\/responsable-de-projet-mecanique\/\" \/>\n<meta property=\"og:site_name\" content=\"Netwerk\" \/>\n<meta property=\"og:image\" content=\"https:\/\/netwerkgroup.com\/wp-content\/uploads\/2025\/11\/netwerk-beverentunnel-10217.jpg\" \/>\n\t<meta property=\"og:image:width\" content=\"1080\" \/>\n\t<meta property=\"og:image:height\" content=\"720\" \/>\n\t<meta property=\"og:image:type\" content=\"image\/jpeg\" \/>\n<meta name=\"twitter:card\" content=\"summary_large_image\" \/>\n<script type=\"application\/ld+json\" class=\"yoast-schema-graph\">{\"@context\":\"https:\\\/\\\/schema.org\",\"@graph\":[{\"@type\":[\"WebPage\",\"ItemPage\"],\"@id\":\"https:\\\/\\\/netwerkgroup.com\\\/fr\\\/vacature\\\/responsable-de-projet-mecanique\\\/\",\"url\":\"https:\\\/\\\/netwerkgroup.com\\\/fr\\\/vacature\\\/responsable-de-projet-mecanique\\\/\",\"name\":\"Responsable de projet m\u00e9canique - Netwerk\",\"isPartOf\":{\"@id\":\"https:\\\/\\\/netwerkgroup.com\\\/fr\\\/#website\"},\"datePublished\":\"2026-02-23T11:00:00+00:00\",\"description\":\"Ben jij de perfecte Responsable de projet m\u00e9canique om het team van Netwerk te versterken?\",\"breadcrumb\":{\"@id\":\"https:\\\/\\\/netwerkgroup.com\\\/fr\\\/vacature\\\/responsable-de-projet-mecanique\\\/#breadcrumb\"},\"inLanguage\":\"fr-FR\",\"potentialAction\":[{\"@type\":\"ReadAction\",\"target\":[\"https:\\\/\\\/netwerkgroup.com\\\/fr\\\/vacature\\\/responsable-de-projet-mecanique\\\/\"]}]},{\"@type\":\"BreadcrumbList\",\"@id\":\"https:\\\/\\\/netwerkgroup.com\\\/fr\\\/vacature\\\/responsable-de-projet-mecanique\\\/#breadcrumb\",\"itemListElement\":[{\"@type\":\"ListItem\",\"position\":1,\"name\":\"Home\",\"item\":\"https:\\\/\\\/netwerkgroup.com\\\/fr\\\/bienvenue-sur-netwerk\\\/\"},{\"@type\":\"ListItem\",\"position\":2,\"name\":\"Offres d\u2019emploi\",\"item\":\"https:\\\/\\\/netwerkgroup.com\\\/fr\\\/vacature\\\/\"},{\"@type\":\"ListItem\",\"position\":3,\"name\":\"Responsable de projet m\u00e9canique\"}]},{\"@type\":\"WebSite\",\"@id\":\"https:\\\/\\\/netwerkgroup.com\\\/fr\\\/#website\",\"url\":\"https:\\\/\\\/netwerkgroup.com\\\/fr\\\/\",\"name\":\"Netwerk\",\"description\":\"Always a great job\",\"publisher\":{\"@id\":\"https:\\\/\\\/netwerkgroup.com\\\/fr\\\/#organization\"},\"potentialAction\":[{\"@type\":\"SearchAction\",\"target\":{\"@type\":\"EntryPoint\",\"urlTemplate\":\"https:\\\/\\\/netwerkgroup.com\\\/fr\\\/?s={search_term_string}\"},\"query-input\":{\"@type\":\"PropertyValueSpecification\",\"valueRequired\":true,\"valueName\":\"search_term_string\"}}],\"inLanguage\":\"fr-FR\"},{\"@type\":\"Organization\",\"@id\":\"https:\\\/\\\/netwerkgroup.com\\\/fr\\\/#organization\",\"name\":\"Netwerk\",\"url\":\"https:\\\/\\\/netwerkgroup.com\\\/fr\\\/\",\"logo\":{\"@type\":\"ImageObject\",\"inLanguage\":\"fr-FR\",\"@id\":\"https:\\\/\\\/netwerkgroup.com\\\/fr\\\/#\\\/schema\\\/logo\\\/image\\\/\",\"url\":\"https:\\\/\\\/netwerkgroup.com\\\/wp-content\\\/uploads\\\/2022\\\/09\\\/Netwerk-logo.png\",\"contentUrl\":\"https:\\\/\\\/netwerkgroup.com\\\/wp-content\\\/uploads\\\/2022\\\/09\\\/Netwerk-logo.png\",\"width\":914,\"height\":234,\"caption\":\"Netwerk\"},\"image\":{\"@id\":\"https:\\\/\\\/netwerkgroup.com\\\/fr\\\/#\\\/schema\\\/logo\\\/image\\\/\"},\"sameAs\":[\"https:\\\/\\\/www.linkedin.com\\\/company\\\/netwerk\\\/\"],\"email\":\"greatjobs@netwerkgroup.com\",\"telephone\":\"+32 3 237 25 37\",\"legalName\":\"Netwerk NV\",\"vatID\":\"BE 0860.110.183\",\"numberOfEmployees\":{\"@type\":\"QuantitativeValue\",\"minValue\":\"201\",\"maxValue\":\"500\"}}]}<\/script>\n<!-- \/ Yoast SEO Premium plugin. -->","yoast_head_json":{"title":"Responsable de projet m\u00e9canique - Netwerk","description":"Ben jij de perfecte Responsable de projet m\u00e9canique om het team van Netwerk te versterken?","robots":{"index":"index","follow":"follow","max-snippet":"max-snippet:-1","max-image-preview":"max-image-preview:large","max-video-preview":"max-video-preview:-1"},"canonical":"https:\/\/netwerkgroup.com\/fr\/vacature\/responsable-de-projet-mecanique\/","og_locale":"fr_FR","og_type":"article","og_title":"Responsable de projet m\u00e9canique","og_description":"Ben jij de perfecte Responsable de projet m\u00e9canique om het team van Netwerk te versterken?","og_url":"https:\/\/netwerkgroup.com\/fr\/vacature\/responsable-de-projet-mecanique\/","og_site_name":"Netwerk","og_image":[{"width":1080,"height":720,"url":"https:\/\/netwerkgroup.com\/wp-content\/uploads\/2025\/11\/netwerk-beverentunnel-10217.jpg","type":"image\/jpeg"}],"twitter_card":"summary_large_image","schema":{"@context":"https:\/\/schema.org","@graph":[{"@type":["WebPage","ItemPage"],"@id":"https:\/\/netwerkgroup.com\/fr\/vacature\/responsable-de-projet-mecanique\/","url":"https:\/\/netwerkgroup.com\/fr\/vacature\/responsable-de-projet-mecanique\/","name":"Responsable de projet m\u00e9canique - Netwerk","isPartOf":{"@id":"https:\/\/netwerkgroup.com\/fr\/#website"},"datePublished":"2026-02-23T11:00:00+00:00","description":"Ben jij de perfecte Responsable de projet m\u00e9canique om het team van Netwerk te versterken?","breadcrumb":{"@id":"https:\/\/netwerkgroup.com\/fr\/vacature\/responsable-de-projet-mecanique\/#breadcrumb"},"inLanguage":"fr-FR","potentialAction":[{"@type":"ReadAction","target":["https:\/\/netwerkgroup.com\/fr\/vacature\/responsable-de-projet-mecanique\/"]}]},{"@type":"BreadcrumbList","@id":"https:\/\/netwerkgroup.com\/fr\/vacature\/responsable-de-projet-mecanique\/#breadcrumb","itemListElement":[{"@type":"ListItem","position":1,"name":"Home","item":"https:\/\/netwerkgroup.com\/fr\/bienvenue-sur-netwerk\/"},{"@type":"ListItem","position":2,"name":"Offres d\u2019emploi","item":"https:\/\/netwerkgroup.com\/fr\/vacature\/"},{"@type":"ListItem","position":3,"name":"Responsable de projet m\u00e9canique"}]},{"@type":"WebSite","@id":"https:\/\/netwerkgroup.com\/fr\/#website","url":"https:\/\/netwerkgroup.com\/fr\/","name":"Netwerk","description":"Always a great job","publisher":{"@id":"https:\/\/netwerkgroup.com\/fr\/#organization"},"potentialAction":[{"@type":"SearchAction","target":{"@type":"EntryPoint","urlTemplate":"https:\/\/netwerkgroup.com\/fr\/?s={search_term_string}"},"query-input":{"@type":"PropertyValueSpecification","valueRequired":true,"valueName":"search_term_string"}}],"inLanguage":"fr-FR"},{"@type":"Organization","@id":"https:\/\/netwerkgroup.com\/fr\/#organization","name":"Netwerk","url":"https:\/\/netwerkgroup.com\/fr\/","logo":{"@type":"ImageObject","inLanguage":"fr-FR","@id":"https:\/\/netwerkgroup.com\/fr\/#\/schema\/logo\/image\/","url":"https:\/\/netwerkgroup.com\/wp-content\/uploads\/2022\/09\/Netwerk-logo.png","contentUrl":"https:\/\/netwerkgroup.com\/wp-content\/uploads\/2022\/09\/Netwerk-logo.png","width":914,"height":234,"caption":"Netwerk"},"image":{"@id":"https:\/\/netwerkgroup.com\/fr\/#\/schema\/logo\/image\/"},"sameAs":["https:\/\/www.linkedin.com\/company\/netwerk\/"],"email":"greatjobs@netwerkgroup.com","telephone":"+32 3 237 25 37","legalName":"Netwerk NV","vatID":"BE 0860.110.183","numberOfEmployees":{"@type":"QuantitativeValue","minValue":"201","maxValue":"500"}}]}},"_links":{"self":[{"href":"https:\/\/netwerkgroup.com\/fr\/wp-json\/wp\/v2\/vacature\/6300","targetHints":{"allow":["GET"]}}],"collection":[{"href":"https:\/\/netwerkgroup.com\/fr\/wp-json\/wp\/v2\/vacature"}],"about":[{"href":"https:\/\/netwerkgroup.com\/fr\/wp-json\/wp\/v2\/types\/vacature"}],"version-history":[{"count":0,"href":"https:\/\/netwerkgroup.com\/fr\/wp-json\/wp\/v2\/vacature\/6300\/revisions"}],"wp:attachment":[{"href":"https:\/\/netwerkgroup.com\/fr\/wp-json\/wp\/v2\/media?parent=6300"}],"wp:term":[{"taxonomy":"land","embeddable":true,"href":"https:\/\/netwerkgroup.com\/fr\/wp-json\/wp\/v2\/land?post=6300"},{"taxonomy":"locatie","embeddable":true,"href":"https:\/\/netwerkgroup.com\/fr\/wp-json\/wp\/v2\/locatie?post=6300"},{"taxonomy":"recruiter","embeddable":true,"href":"https:\/\/netwerkgroup.com\/fr\/wp-json\/wp\/v2\/recruiter?post=6300"},{"taxonomy":"vacature-categorie","embeddable":true,"href":"https:\/\/netwerkgroup.com\/fr\/wp-json\/wp\/v2\/vacature-categorie?post=6300"}],"curies":[{"name":"wp","href":"https:\/\/api.w.org\/{rel}","templated":true}]}}